{"id":26,"date":"2012-04-13T12:43:03","date_gmt":"2012-04-13T12:43:03","guid":{"rendered":"http:\/\/www.cgt-hopital-manosque.fr\/?page_id=26"},"modified":"2013-09-02T10:18:13","modified_gmt":"2013-09-02T10:18:13","slug":"formation","status":"publish","type":"page","link":"http:\/\/www.cgt-hopital-manosque.fr\/?page_id=26","title":{"rendered":"Formation"},"content":{"rendered":"<p>Ci-joint les liens vers nos diff\u00e9rents articles sur la formation (cliquer sur les liens pour les consulter).<\/p>\n<p><strong>La formation continue :<\/strong><\/p>\n<p>* La CGT de l&rsquo;h\u00f4pital de Manosque a synth\u00e9tis\u00e9 en deux pages les diff\u00e9rents droits \u00e0 la formation (14 juin 2012) :<br \/>\n<a href='http:\/\/www.cgt-hopital-manosque.fr\/wp-content\/uploads\/2012\/04\/Tract-Formation-juin-2012.pdf'>Cliquer ici<\/a><\/p>\n<p>* Le CFP &#8211; Cong\u00e9 de Formation Professionnelle (9 octobre 2012) :<br \/>\n<a href='http:\/\/www.cgt-hopital-manosque.fr\/wp-content\/uploads\/2012\/04\/Le-CFP-Conge-de-Formation-Professionnelle.pdf'>cliquer ici<\/a><\/p>\n<p>* Un outil m\u00e9connu : la p\u00e9riode de professionnalisation (16 novembre 2012) :<br \/>\n<a href='http:\/\/www.cgt-hopital-manosque.fr\/wp-content\/uploads\/2012\/04\/La-periode-de-profesionnalisation.pdf'>cliquer ici<\/a><\/p>\n<p>* Le Droit Individuel \u00e0 la Formation (DIF) en 14 questions \/ r\u00e9ponses (5 f\u00e9vrier 2013) :<br \/>\n<a href=\"http:\/\/www.cgt-hopital-manosque.fr\/wp-content\/uploads\/2012\/04\/Le-Droit-Individuel-a-la-Formation-DIF.pdf\">cliquer ici<\/a><\/p>\n<p style= \"text-align: justify;\"> * Je viens de r\u00e9aliser un CAP maintenance des v\u00e9hicules automobiles (d\u2019une dur\u00e9e de 10 mois) lors d&rsquo;un CFP afin de me reconvertir et travailler dans un garage. L\u2019\u00e9tablissement ne m\u2019a pas dispens\u00e9 de l\u2019obligation de service. Je veux partir et souhaite d\u00e9missionner.<br \/>\n(28 mai 2013) :<br \/>\nCliquer sur le lien suivant :  <a href=\"http:\/\/www.cgt-hopital-manosque.fr\/?p=1225\" target=\"_blank\">http:\/\/www.cgt-hopital-manosque.fr\/?p=1225<\/a><\/p>\n<p style= \"text-align: justify;\"> * Une coll\u00e8gue infirmi\u00e8re a r\u00e9alis\u00e9 un CFP de 6 mois et a rempli son engagement de servir de 18 mois. Son engagement de servir s&rsquo;est fait en partie \u00e0 temps plein et en partie \u00e0 temps partiel. La coll\u00e8gue veut partir ailleurs. Sa DRH lui dit qu&rsquo;elle n&rsquo;a pas rempli son engagement de servir du fait qu&rsquo;elle en a r\u00e9alis\u00e9 une partie \u00e0 mi-temps et lui demande 10 000 euros.<br \/>\n(24 juin 2013) :<br \/>\nCliquer sur le lien suivant :  <a href=\"http:\/\/www.cgt-hopital-manosque.fr\/?p=1322\" target=\"_blank\">http:\/\/www.cgt-hopital-manosque.fr\/?p=1322<\/a><\/p>\n<p><strong>Le d\u00e9veloppement professionnel continu :<\/strong><\/p>\n<p>* Le \u00ab DPC \u00bb un sigle \u00e0 conna\u00eetre absolument avant la fin de l\u2019ann\u00e9e !!! (11 mai 2012) :<br \/>\n<a href='http:\/\/www.cgt-hopital-manosque.fr\/wp-content\/uploads\/2012\/04\/Le-DPC-un-sigle-a-connaitre-absolument-avant-la-fin-de-lannee.pdf'>Cliquer ici<\/a><\/p>\n<p>* Quelques pr\u00e9cisions sur le DPC (25 mai 2012) :<br \/>\n<a href='http:\/\/www.cgt-hopital-manosque.fr\/wp-content\/uploads\/2012\/05\/Quelques-precisions-sur-le-DPC.pdf'>Cliquer ici<\/a><\/p>\n<p><strong>L&rsquo;ANFH :<\/strong><\/p>\n<p>* L&rsquo;ANFH propose des formations gratuites&#8230;pourquoi le cacher aux agents ? (17 mai 2012) :<br \/>\n<a href='http:\/\/www.cgt-hopital-manosque.fr\/wp-content\/uploads\/2012\/04\/LANFH-propose-des-formations-gratuites...pourquoi-le-cacher-aux-agents.pdf'>Cliquer ici<\/a><\/p>\n<p><strong>Nos revendications :<\/strong><\/p>\n<p>* La formation professionnelle et nos revendications CGT (24 mai 2013) :<br \/>\n<a href=\"http:\/\/www.cgt-hopital-manosque.fr\/wp-content\/uploads\/2012\/04\/La-formation-et-nos-revendications-CGT.pdf\">Cliquer ici<\/a><\/p>\n","protected":false},"excerpt":{"rendered":"<p>Ci-joint les liens vers nos diff\u00e9rents articles sur la formation (cliquer sur les liens pour les consulter). La formation continue : * La CGT de l&rsquo;h\u00f4pital de Manosque a synth\u00e9tis\u00e9 en deux pages les diff\u00e9rents droits \u00e0 la formation (14 juin 2012) : Cliquer ici * Le CFP &#8211; Cong\u00e9 de Formation Professionnelle (9 octobre [&hellip;]<\/p>\n","protected":false},"author":1,"featured_media":0,"parent":1189,"menu_order":0,"comment_status":"closed","ping_status":"open","template":"","meta":{"footnotes":""},"_links":{"self":[{"href":"http:\/\/www.cgt-hopital-manosque.fr\/index.php?rest_route=\/wp\/v2\/pages\/26"}],"collection":[{"href":"http:\/\/www.cgt-hopital-manosque.fr\/index.php?rest_route=\/wp\/v2\/pages"}],"about":[{"href":"http:\/\/www.cgt-hopital-manosque.fr\/index.php?rest_route=\/wp\/v2\/types\/page"}],"author":[{"embeddable":true,"href":"http:\/\/www.cgt-hopital-manosque.fr\/index.php?rest_route=\/wp\/v2\/users\/1"}],"replies":[{"embeddable":true,"href":"http:\/\/www.cgt-hopital-manosque.fr\/index.php?rest_route=%2Fwp%2Fv2%2Fcomments&post=26"}],"version-history":[{"count":39,"href":"http:\/\/www.cgt-hopital-manosque.fr\/index.php?rest_route=\/wp\/v2\/pages\/26\/revisions"}],"predecessor-version":[{"id":1596,"href":"http:\/\/www.cgt-hopital-manosque.fr\/index.php?rest_route=\/wp\/v2\/pages\/26\/revisions\/1596"}],"up":[{"embeddable":true,"href":"http:\/\/www.cgt-hopital-manosque.fr\/index.php?rest_route=\/wp\/v2\/pages\/1189"}],"wp:attachment":[{"href":"http:\/\/www.cgt-hopital-manosque.fr\/index.php?rest_route=%2Fwp%2Fv2%2Fmedia&parent=26"}],"curies":[{"name":"wp","href":"https:\/\/api.w.org\/{rel}","templated":true}]}}