{"id":413,"date":"2012-05-20T11:53:45","date_gmt":"2012-05-20T11:53:45","guid":{"rendered":"http:\/\/www.cgt-hopital-manosque.fr\/?page_id=413"},"modified":"2012-05-20T11:55:11","modified_gmt":"2012-05-20T11:55:11","slug":"les-cap","status":"publish","type":"page","link":"http:\/\/www.cgt-hopital-manosque.fr\/?page_id=413","title":{"rendered":"Les CAP"},"content":{"rendered":"<p><strong>Les CAP (commissions administratives paritaires)<\/strong><\/p>\n<p><strong>Concernant les CAP nationales :<\/strong> Une commission administrative paritaire nationale est institu\u00e9e aupr\u00e8s du minist\u00e8re pour chaque corps de cat\u00e9gorie A recrut\u00e9 et g\u00e9r\u00e9 au niveau national c\u2019est-\u00e0-dire pour les personnels de direction et le corps des directeurs de soins.<\/p>\n<p><strong>Concernant les CAPL et CAPD :<\/strong> Les commissions administratives paritaires sont des instances consultatives en vue de leur participation des fonctionnaires \u00e0 l\u2019examen des d\u00e9cisions individuelles relatives \u00e0 leur carri\u00e8re. Le texte de r\u00e9f\u00e9rence en ce domaine est le d\u00e9cret n\u00b0 2003-655 du 18 juillet 2003.<\/p>\n<p>En fonction de leur corps les fonctionnaires rel\u00e8vent d\u2019une des neuf CAP institu\u00e9es.<br \/>\nAu niveau local, les CAP sont cr\u00e9\u00e9es par d\u00e9lib\u00e9ration de l\u2019\u00e9tablissement d\u00e8s que l\u2019effectif des agents relevant de cette commission est au moins \u00e9gale \u00e0 quatre pendant 3 mois cons\u00e9cutifs. En cons\u00e9quence, toutes les CAP ne sont pas cr\u00e9\u00e9es au sein de chaque \u00e9tablissement, dans ce cas, le fonctionnaire rel\u00e8vera de la CAP d\u00e9partementale, car les neufs CAP sont toujours mises en place au niveau d\u00e9partemental.<br \/>\nLes CAP sont compos\u00e9s de moiti\u00e9 de repr\u00e9sentants des personnels \u00e9lus et pour moiti\u00e9 de repr\u00e9sentants de l\u2019administration. Le nombre de ces repr\u00e9sentants varie en fonction de l\u2019effectif des agents qui en rel\u00e8ve.<\/p>\n<p>Les CAP sont comp\u00e9tentes pour toutes les questions individuelles concernant les  fonctionnaires et stagiaires (exemple : proposition d\u2019inscription sur la liste d\u2019aptitude, proposition de titularisation, demande de d\u00e9tachement, demande de mise \u00e0 disposition, demande de disponibilit\u00e9, avancement de grade, discipline, licenciement pour insuffisance professionnelle, litiges par rapport \u00e0 un refus de l\u2019autorisation d\u2019accomplir un service \u00e0 temps partiel, reclassement pour raison de sant\u00e9, licenciement d\u2019un fonctionnaire en disponibilit\u00e9 qui refuse trois postes de mani\u00e8re successive).<\/p>\n<p><strong>Remarque : <\/strong> les CAP en fonction de ce sur quoi elles doivent se prononcer se r\u00e9unissent soit en formation restreinte, soit en formation pl\u00e9ni\u00e8re.<\/p>\n","protected":false},"excerpt":{"rendered":"<p>Les CAP (commissions administratives paritaires) Concernant les CAP nationales : Une commission administrative paritaire nationale est institu\u00e9e aupr\u00e8s du minist\u00e8re pour chaque corps de cat\u00e9gorie A recrut\u00e9 et g\u00e9r\u00e9 au niveau national c\u2019est-\u00e0-dire pour les personnels de direction et le corps des directeurs de soins. Concernant les CAPL et CAPD : Les commissions administratives paritaires [&hellip;]<\/p>\n","protected":false},"author":1,"featured_media":0,"parent":14,"menu_order":0,"comment_status":"closed","ping_status":"open","template":"","meta":{"footnotes":""},"_links":{"self":[{"href":"http:\/\/www.cgt-hopital-manosque.fr\/index.php?rest_route=\/wp\/v2\/pages\/413"}],"collection":[{"href":"http:\/\/www.cgt-hopital-manosque.fr\/index.php?rest_route=\/wp\/v2\/pages"}],"about":[{"href":"http:\/\/www.cgt-hopital-manosque.fr\/index.php?rest_route=\/wp\/v2\/types\/page"}],"author":[{"embeddable":true,"href":"http:\/\/www.cgt-hopital-manosque.fr\/index.php?rest_route=\/wp\/v2\/users\/1"}],"replies":[{"embeddable":true,"href":"http:\/\/www.cgt-hopital-manosque.fr\/index.php?rest_route=%2Fwp%2Fv2%2Fcomments&post=413"}],"version-history":[{"count":2,"href":"http:\/\/www.cgt-hopital-manosque.fr\/index.php?rest_route=\/wp\/v2\/pages\/413\/revisions"}],"predecessor-version":[{"id":415,"href":"http:\/\/www.cgt-hopital-manosque.fr\/index.php?rest_route=\/wp\/v2\/pages\/413\/revisions\/415"}],"up":[{"embeddable":true,"href":"http:\/\/www.cgt-hopital-manosque.fr\/index.php?rest_route=\/wp\/v2\/pages\/14"}],"wp:attachment":[{"href":"http:\/\/www.cgt-hopital-manosque.fr\/index.php?rest_route=%2Fwp%2Fv2%2Fmedia&parent=413"}],"curies":[{"name":"wp","href":"https:\/\/api.w.org\/{rel}","templated":true}]}}