{"id":457,"date":"2012-06-10T12:52:52","date_gmt":"2012-06-10T12:52:52","guid":{"rendered":"http:\/\/www.cgt-hopital-manosque.fr\/?page_id=457"},"modified":"2014-06-16T19:03:28","modified_gmt":"2014-06-16T19:03:28","slug":"les-infos-du-syndicat","status":"publish","type":"page","link":"http:\/\/www.cgt-hopital-manosque.fr\/?page_id=457","title":{"rendered":"Les infos du syndicat"},"content":{"rendered":"<p><strong>R\u00e9animations : nos vies valent plus que la rentabilit\u00e9 (17 juin 2014) <\/strong><br \/>\nCliquer sur le lien ci-dessous :<br \/>\n<strong><a href=\"http:\/\/www.cgt-hopital-manosque.fr\/?p=2680\" target=\"_blank\">http:\/\/www.cgt-hopital-manosque.fr\/?p=2680<\/a><\/strong><\/p>\n<p><strong>Restitution de l&rsquo;enqu\u00eate ANFH PACA sur les risques psychosociaux (16 juin 2014) <\/strong><br \/>\nCliquer sur le lien ci-dessous :<br \/>\n<strong><a href=\"http:\/\/www.cgt-hopital-manosque.fr\/?p=2669\" target=\"_blank\">http:\/\/www.cgt-hopital-manosque.fr\/?p=2669<\/a><\/strong><\/p>\n<p><strong>De nouvelles formes d&rsquo;action mais toujours la m\u00eame d\u00e9termination (27 avril 2014) <\/strong><br \/>\nCliquer sur le lien ci-dessous :<br \/>\n<strong><a href=\"http:\/\/www.cgt-hopital-manosque.fr\/?p=2528\" target=\"_blank\">http:\/\/www.cgt-hopital-manosque.fr\/?p=2528<\/a><\/strong><\/p>\n<p><strong>L&rsquo;article de La Marseillaise de ce week-end (23 avril 2014) <\/strong><br \/>\nCliquer sur le lien ci-dessous :<br \/>\n<strong><a href=\"http:\/\/www.cgt-hopital-manosque.fr\/?p=2512\" target=\"_blank\">http:\/\/www.cgt-hopital-manosque.fr\/?p=2512<\/a><\/strong><\/p>\n<p><strong>Nouveau d\u00e9brayage vendredi \u00e0 14h00 !!! (23 avril 2014) <\/strong><br \/>\nCliquer sur le lien ci-dessous :<br \/>\n<strong><a href=\"http:\/\/www.cgt-hopital-manosque.fr\/?p=2509\" target=\"_blank\">http:\/\/www.cgt-hopital-manosque.fr\/?p=2509<\/a><\/strong><\/p>\n<p><strong>Journ\u00e9e d\u2019action du 18 avril : la col\u00e8re monte (22 avril 2014) <\/strong><br \/>\nCliquer sur le lien ci-dessous :<br \/>\n<strong><a href=\"http:\/\/www.cgt-hopital-manosque.fr\/?p=2501\" target=\"_blank\">http:\/\/www.cgt-hopital-manosque.fr\/?p=2501<\/a><\/strong><\/p>\n<p><strong>Communiqu\u00e9 de presse &#8211; La victoire du genre (21 avril 2014) <\/strong><br \/>\nCliquer sur le lien ci-dessous :<br \/>\n<strong><a href=\"http:\/\/www.cgt-hopital-manosque.fr\/?p=2487\" target=\"_blank\">http:\/\/www.cgt-hopital-manosque.fr\/?p=2487<\/a><\/strong><\/p>\n<p><strong>D\u00e9brayage avec rassemblement le vendredi 18 avril entre 14h00 et 14h50 dans le hall de l&rsquo;h\u00f4pital (17 avril 2014) <\/strong><br \/>\nCliquer sur le lien ci-dessous :<br \/>\n<strong><a href=\"http:\/\/www.cgt-hopital-manosque.fr\/?p=2483\" target=\"_blank\">http:\/\/www.cgt-hopital-manosque.fr\/?p=2483<\/a><\/strong><\/p>\n<p><strong>L&rsquo;h\u00f4pital de Manosque en gr\u00e8ve &#8211; revue de presse du week-end (14 avril 2014) <\/strong><br \/>\nCliquer sur le lien ci-dessous :<br \/>\n<strong><a href=\"http:\/\/www.cgt-hopital-manosque.fr\/?p=2456\" target=\"_blank\">http:\/\/www.cgt-hopital-manosque.fr\/?p=2456<\/a><\/strong><\/p>\n<p><strong>Les salari\u00e9s de l&rsquo;h\u00f4pital tirent la sonnette d&rsquo;alarme (11 avril 2014) <\/strong><br \/>\nCliquer sur le lien ci-dessous :<br \/>\n<strong><a href=\"http:\/\/www.cgt-hopital-manosque.fr\/?p=2453\" target=\"_blank\">http:\/\/www.cgt-hopital-manosque.fr\/?p=2453<\/a><\/strong><\/p>\n<p><strong>Ouverture des n\u00e9gociations (10 avril 2014) <\/strong><br \/>\nCliquer sur le lien ci-dessous :<br \/>\n<strong><a href=\"http:\/\/www.cgt-hopital-manosque.fr\/?p=2450\" target=\"_blank\">http:\/\/www.cgt-hopital-manosque.fr\/?p=2450<\/a><\/strong><\/p>\n<p><strong>Debrayage avec rassemblement le vendredi 11 avril (9 avril 2014) <\/strong><br \/>\nCliquer sur le lien ci-dessous :<br \/>\n<strong><a href=\"http:\/\/www.cgt-hopital-manosque.fr\/?p=2446\" target=\"_blank\">http:\/\/www.cgt-hopital-manosque.fr\/?p=2446<\/a><\/strong><\/p>\n<p><strong>L&rsquo;h\u00f4pital n&rsquo;est pas une entreprise ! (8 avril 2014) <\/strong><br \/>\nCliquer sur le lien ci-dessous :<br \/>\n<strong><a href=\"http:\/\/www.cgt-hopital-manosque.fr\/?p=2438\" target=\"_blank\">http:\/\/www.cgt-hopital-manosque.fr\/?p=2438<\/a><\/strong><\/p>\n<p><strong>Une pilule de trop pour un personnel \u00e0 bout de souffle (6 avril 2014) <\/strong><br \/>\nCliquer sur le lien ci-dessous :<br \/>\n<strong><a href=\"http:\/\/www.cgt-hopital-manosque.fr\/?p=2428\" target=\"_blank\">http:\/\/www.cgt-hopital-manosque.fr\/?p=2428<\/a><\/strong><\/p>\n<p><strong>Intervention de Jean-Claude Ghennai lors de l&rsquo;AG du 3 avril &#8211; secr\u00e9taire g\u00e9n\u00e9ral du syndicat CGT de l&rsquo;h\u00f4pital (4 avril 2014) <\/strong><br \/>\nCliquer sur le lien ci-dessous :<br \/>\n<strong><a href=\"http:\/\/www.cgt-hopital-manosque.fr\/?p=2417\" target=\"_blank\">http:\/\/www.cgt-hopital-manosque.fr\/?p=2417<\/a><\/strong><\/p>\n<p><strong>Lettre ouverture du 27 mars sur les refus de reconduction de temps partiels \u00e0 80% (1er avril 2014)  <\/strong><br \/>\nCliquer sur le lien ci-dessous :<br \/>\n<strong><a href=\"http:\/\/www.cgt-hopital-manosque.fr\/?p=2408\" target=\"_blank\">http:\/\/www.cgt-hopital-manosque.fr\/?p=2408<\/a><\/strong><\/p>\n<p><strong>RDV le jeudi 3 avril \u00e0 13h30 au sous-sol sur le quai de livraison (31 mars 2014)<\/strong><br \/>\nCliquer sur le lien ci-dessous :<br \/>\n<strong><a href=\"http:\/\/www.cgt-hopital-manosque.fr\/?p=2404\" target=\"_blank\">http:\/\/www.cgt-hopital-manosque.fr\/?p=2404<\/a><\/strong><\/p>\n<p><strong>Les faits les plus significatifs du CHSCT du 19 mars (24 mars 2014)<\/strong><br \/>\nCliquer sur le lien ci-dessous :<br \/>\n<strong><a href=\"http:\/\/www.cgt-hopital-manosque.fr\/?p=2385\" target=\"_blank\">http:\/\/www.cgt-hopital-manosque.fr\/?p=2385<\/a><\/strong><\/p>\n<p><strong>Journ\u00e9e de la lutte des femmes (8 mars 2014)<\/strong><br \/>\nCliquer sur le lien ci-dessous :<br \/>\n<strong><a href=\"http:\/\/www.cgt-hopital-manosque.fr\/?p=2326\" target=\"_blank\">http:\/\/www.cgt-hopital-manosque.fr\/?p=2326<\/a><\/strong><\/p>\n<p><strong>D\u00e9claration liminaire CGT lors des CAPL du 21 f\u00e9vrier 2014 (24 f\u00e9vrier 2014)<\/strong><br \/>\nCliquer sur le lien ci-dessous :<br \/>\n<strong><a href=\"http:\/\/www.cgt-hopital-manosque.fr\/?p=2276\" target=\"_blank\">http:\/\/www.cgt-hopital-manosque.fr\/?p=2276<\/a><\/strong><\/p>\n<p><strong>Pion tu es&#8230;Pion tu restes ! La couacophonie ambiante nous laisse coit&#8230; Entre ordre, contre-ordre et d\u00e9sordre, la Direction balance.(13 f\u00e9vrier 2014)<\/strong><br \/>\nCliquer sur le lien ci-dessous :<br \/>\n<strong><a href=\"http:\/\/www.cgt-hopital-manosque.fr\/?p=2237\" target=\"_blank\">http:\/\/www.cgt-hopital-manosque.fr\/?p=2237<\/a><\/strong><\/p>\n<p><strong>Alerte sur le temps de travail \u00e0 80% (11 f\u00e9vrier 2014)<\/strong><br \/>\nCliquer sur le lien ci-dessous :<br \/>\n<strong><a href=\"http:\/\/www.cgt-hopital-manosque.fr\/?p=2228\" target=\"_blank\">http:\/\/www.cgt-hopital-manosque.fr\/?p=2228<\/a><\/strong><\/p>\n<p><strong>Il faut que la discrimination cesse \u00e0 l&rsquo;h\u00f4pital de Manosque (10 f\u00e9vrier 2014)<\/strong><br \/>\nCliquer sur le lien ci-dessous :<br \/>\n<strong><a href=\"http:\/\/www.cgt-hopital-manosque.fr\/?p=2220\" target=\"_blank\">http:\/\/www.cgt-hopital-manosque.fr\/?p=2220<\/a><\/strong><\/p>\n<p><strong>Interview de C\u00e9dric Volait, le nouveau Coordinateur R\u00e9gional PACA Sant\u00e9 et Action Sociale (27 janvier 2014)<\/strong><br \/>\nCliquer sur le lien ci-dessous :<br \/>\n<strong><a href=\"http:\/\/www.cgt-hopital-manosque.fr\/?p=2177\" target=\"_blank\">http:\/\/www.cgt-hopital-manosque.fr\/?p=2177<\/a><\/strong><\/p>\n<p><strong>Elections professionnelles du 4 d\u00e9cembre 2014 : Interview de Jean-Claude Ghennai  (10 janvier 2014)<\/strong><br \/>\nCliquer sur le lien ci-dessous :<br \/>\n<strong><a href=\"http:\/\/www.cgt-hopital-manosque.fr\/?p=2127\" target=\"_blank\">http:\/\/www.cgt-hopital-manosque.fr\/?p=2127<\/a><\/strong><\/p>\n<p><strong>Abrogation du jour de carence ! (31 d\u00e9cembre 2013)<\/strong><br \/>\nCliquer sur le lien ci-dessous :<br \/>\n<strong><a href=\"http:\/\/www.cgt-hopital-manosque.fr\/?p=2094\" target=\"_blank\">http:\/\/www.cgt-hopital-manosque.fr\/?p=2094<\/a><\/strong><\/p>\n<p><strong>Elections fonction publique 2014 (lancement de la campagne des \u00e9lections professionnelles dans la fonction publique hospitali\u00e8re) &#8211; (23 d\u00e9cembre 2013)<br \/>\nInterview de Ghislaine Roussel, secr\u00e9taire g\u00e9n\u00e9rale USD  des Alpes de haute Provence<\/strong><br \/>\nCliquer sur le lien ci-dessous :<br \/>\n<strong><a href=\"http:\/\/www.cgt-hopital-manosque.fr\/?p=2061\" target=\"_blank\">http:\/\/www.cgt-hopital-manosque.fr\/?p=2061<\/a><\/strong><\/p>\n<p><strong>Sages-femmes : Appel \u00e0 la mobilisation (18 d\u00e9cembre 2013)<\/strong><br \/>\nCliquer sur le lien ci-dessous :<br \/>\n<strong><a href=\"http:\/\/www.cgt-hopital-manosque.fr\/?p=2049\" target=\"_blank\">http:\/\/www.cgt-hopital-manosque.fr\/?p=2049<\/a><\/strong><\/p>\n<p><strong>C&rsquo;est quoi le conseil sup\u00e9rieur de la fonction publique hospitali\u00e8re &#8211; Interview de Ghislaine Roussel (10 d\u00e9cembre 2013)<\/strong><br \/>\nCliquer sur le lien ci-dessous :<br \/>\n<strong><a href=\"http:\/\/www.cgt-hopital-manosque.fr\/?p=2020\" target=\"_blank\">http:\/\/www.cgt-hopital-manosque.fr\/?p=2020<\/a><\/strong><\/p>\n<p><strong>Vous souhaitez contester votre note et\/ou votre \u00e9valuation ? (9 d\u00e9cembre 2013)<\/strong><br \/>\nCliquer sur le lien ci-dessous :<br \/>\n<strong><a href=\"http:\/\/www.cgt-hopital-manosque.fr\/?p=2011\" target=\"_blank\">http:\/\/www.cgt-hopital-manosque.fr\/?p=2011<\/a><\/strong><\/p>\n<p><strong>Discrimination au centre hospitalier de Manosque : le combat continue (5 d\u00e9cembre 2013)<\/strong><br \/>\nCliquer sur le lien ci-dessous :<br \/>\n<strong><a href=\"http:\/\/www.cgt-hopital-manosque.fr\/?p=2001\" target=\"_blank\">http:\/\/www.cgt-hopital-manosque.fr\/?p=2001<\/a><\/strong><\/p>\n<p><strong>* CHSCT du 20 novembre 2013 : \u00ab Sp\u00e9cial \u00bb Risques Psycho Sociaux (3 d\u00e9cembre 2013)<\/strong><br \/>\nCliquer sur le lien ci-dessous :<br \/>\n<strong><a href=\"http:\/\/www.cgt-hopital-manosque.fr\/?p=1986\" target=\"_blank\">http:\/\/www.cgt-hopital-manosque.fr\/?p=1986<\/a><\/strong><\/p>\n<p><strong>* L&rsquo;\u00e9valuation \u00e0 l&rsquo;h\u00f4pital (18 novembre 2013)<\/strong><br \/>\nCliquer sur le lien ci-dessous :<br \/>\n<strong><a href=\"http:\/\/www.cgt-hopital-manosque.fr\/?p=1906\" target=\"_blank\">http:\/\/www.cgt-hopital-manosque.fr\/?p=1906<\/a><\/strong><\/p>\n<p><strong>* La CGT se mobilise pour l&rsquo;am\u00e9lioration des conditions de travail  \u00e0 travers la mise en place de l\u2019\u00e9valuation des risques psychosociaux, dit \u00ab RPS \u00bb (28 octobre 2013)<\/strong><br \/>\nCliquer sur le lien ci-dessous :<br \/>\n<strong><a href=\"http:\/\/www.cgt-hopital-manosque.fr\/?p=1844\" target=\"_blank\">http:\/\/www.cgt-hopital-manosque.fr\/?p=1844<\/a><\/strong><\/p>\n<p><strong>* Do you speak english ? (13 septembre 2012)<\/strong><br \/>\nCliquer sur le lien ci-dessous :<br \/>\n<strong><a href=\"http:\/\/www.cgt-hopital-manosque.fr\/?p=727\" target=\"_blank\">http:\/\/www.cgt-hopital-manosque.fr\/?p=727<\/a><\/strong><\/p>\n<p><strong>* La CGT de l&rsquo;h\u00f4pital de Manosque remet le son (6 septembre 2012)<\/strong><br \/>\nCliquer sur le lien ci-dessous :<br \/>\n<strong><a href=\"http:\/\/www.cgt-hopital-manosque.fr\/?p=720\" target=\"_blank\">http:\/\/www.cgt-hopital-manosque.fr\/?p=720<\/a><\/strong><\/p>\n<p><strong>* Tract \u00e0 destination des cat\u00e9gories C&#8230;suite au d\u00e9cret du 5 juillet 2012 (19 juillet 2012)<\/strong><br \/>\nCliquer sur le lien ci-dessous :<br \/>\n<strong><a href=\"http:\/\/www.cgt-hopital-manosque.fr\/?p=611\" target=\"_blank\">http:\/\/www.cgt-hopital-manosque.fr\/?p=611<\/a><\/strong><\/p>\n<p><strong>* Le blues des blouses blanches (14 juillet 2012)<\/strong><br \/>\nCliquer sur le lien ci-dessous :<br \/>\n<strong><a href=\"http:\/\/www.cgt-hopital-manosque.fr\/?p=595\" target=\"_blank\">http:\/\/www.cgt-hopital-manosque.fr\/?p=595<\/a><\/strong><\/p>\n<p><strong>* Le journal de la CGT de l\u2019h\u00f4pital de Manosque est sorti (19 juin 2012)<\/strong><br \/>\nCliquer sur le lien ci-dessous :<br \/>\n<strong><a href=\"http:\/\/www.cgt-hopital-manosque.fr\/?p=504\" target=\"_blank\">http:\/\/www.cgt-hopital-manosque.fr\/?p=504<\/a><\/strong><\/p>\n<p><strong>* La CGT demande une nouvelle fois la suppression de l&rsquo;ONI (11 juin 2012)<\/strong><br \/>\nCliquer sur le lien ci-dessous :<br \/>\n<strong><a href=\"http:\/\/www.cgt-hopital-manosque.fr\/?p=452\" target=\"_blank\">http:\/\/www.cgt-hopital-manosque.fr\/?p=452<\/a><\/strong><\/p>\n<p><strong>* Discrimination des femmes enceintes au centre hospitalier de Manosque (4 mai 2012)<\/strong><br \/>\nCliquer sur le lien ci-dessous :<br \/>\n<strong><a href=\"http:\/\/www.cgt-hopital-manosque.fr\/?p=225\" target=\"_blank\">http:\/\/www.cgt-hopital-manosque.fr\/?p=225<\/a><\/strong><\/p>\n<p><strong>* Cr\u00e9ation du blog de la CGT du centre hospitalier de Manosque (1er mai 2012)<\/strong><br \/>\nCliquer sur le lien ci-dessous :<br \/>\n<strong><a href=\"http:\/\/www.cgt-hopital-manosque.fr\/?p=221\" target=\"_blank\">http:\/\/www.cgt-hopital-manosque.fr\/?p=221<\/a><\/strong><\/p>\n","protected":false},"excerpt":{"rendered":"<p>R\u00e9animations : nos vies valent plus que la rentabilit\u00e9 (17 juin 2014) Cliquer sur le lien ci-dessous : http:\/\/www.cgt-hopital-manosque.fr\/?p=2680 Restitution de l&rsquo;enqu\u00eate ANFH PACA sur les risques psychosociaux (16 juin 2014) Cliquer sur le lien ci-dessous : http:\/\/www.cgt-hopital-manosque.fr\/?p=2669 De nouvelles formes d&rsquo;action mais toujours la m\u00eame d\u00e9termination (27 avril 2014) Cliquer sur le lien ci-dessous [&hellip;]<\/p>\n","protected":false},"author":1,"featured_media":0,"parent":16,"menu_order":0,"comment_status":"closed","ping_status":"open","template":"","meta":{"footnotes":""},"_links":{"self":[{"href":"http:\/\/www.cgt-hopital-manosque.fr\/index.php?rest_route=\/wp\/v2\/pages\/457"}],"collection":[{"href":"http:\/\/www.cgt-hopital-manosque.fr\/index.php?rest_route=\/wp\/v2\/pages"}],"about":[{"href":"http:\/\/www.cgt-hopital-manosque.fr\/index.php?rest_route=\/wp\/v2\/types\/page"}],"author":[{"embeddable":true,"href":"http:\/\/www.cgt-hopital-manosque.fr\/index.php?rest_route=\/wp\/v2\/users\/1"}],"replies":[{"embeddable":true,"href":"http:\/\/www.cgt-hopital-manosque.fr\/index.php?rest_route=%2Fwp%2Fv2%2Fcomments&post=457"}],"version-history":[{"count":63,"href":"http:\/\/www.cgt-hopital-manosque.fr\/index.php?rest_route=\/wp\/v2\/pages\/457\/revisions"}],"predecessor-version":[{"id":2692,"href":"http:\/\/www.cgt-hopital-manosque.fr\/index.php?rest_route=\/wp\/v2\/pages\/457\/revisions\/2692"}],"up":[{"embeddable":true,"href":"http:\/\/www.cgt-hopital-manosque.fr\/index.php?rest_route=\/wp\/v2\/pages\/16"}],"wp:attachment":[{"href":"http:\/\/www.cgt-hopital-manosque.fr\/index.php?rest_route=%2Fwp%2Fv2%2Fmedia&parent=457"}],"curies":[{"name":"wp","href":"https:\/\/api.w.org\/{rel}","templated":true}]}}