{"id":5208,"date":"2017-09-07T18:01:58","date_gmt":"2017-09-07T18:01:58","guid":{"rendered":"http:\/\/www.cgt-hopital-manosque.fr\/?page_id=5208"},"modified":"2018-03-16T06:25:59","modified_gmt":"2018-03-16T06:25:59","slug":"ehpad-eps-maisons-de-retraite","status":"publish","type":"page","link":"http:\/\/www.cgt-hopital-manosque.fr\/?page_id=5208","title":{"rendered":"EHPAD et EPS"},"content":{"rendered":"<p style= \"text-align: justify;\">\n<strong>DOSSIER EHPAD et EPS :<\/strong>\n<\/p>\n<p style= \"text-align: justify;\"><strong>* Mobilisation des EHPAD du 15 mars \u00e0 Digne (16 mars 2018)<\/strong><br \/>\nPOUR CONSULTER L&rsquo;ARTICLE, <strong><a href=\"http:\/\/www.cgt-hopital-manosque.fr\/?p=5765\" target=\"_blank\">CLIQUER ICI<\/a><\/strong>\n<\/p>\n<p style= \"text-align: justify;\"><strong>* C&rsquo;est comme \u00e7a (Dans les EHPAD) &#8211; La chanson de Fr\u00e9d\u00e9ric Fromet (27 f\u00e9vrier 2018)<\/strong><br \/>\nPOUR CONSULTER L&rsquo;ARTICLE, <strong><a href=\"http:\/\/www.cgt-hopital-manosque.fr\/?p=5697\" target=\"_blank\">CLIQUER ICI<\/a><\/strong>\n<\/p>\n<p style= \"text-align: justify;\"><strong>* Tract \/ Livret sur le mobilisation des EHPAD du 15 mars (25 f\u00e9vrier 2018)<\/strong><br \/>\nPOUR CONSULTER L&rsquo;ARTICLE, <strong><a href=\"http:\/\/www.cgt-hopital-manosque.fr\/?p=5681\" target=\"_blank\">CLIQUER ICI<\/a><\/strong>\n<\/p>\n<p style= \"text-align: justify;\"><strong>* Le fil d&rsquo;actu &#8211; Que faire de nos vieux ? (20 f\u00e9vrier 2018)<\/strong><br \/>\nPOUR CONSULTER L&rsquo;ARTICLE, <strong><a href=\"http:\/\/www.cgt-hopital-manosque.fr\/?p=5665\" target=\"_blank\">CLIQUER ICI<\/a><\/strong>\n<\/p>\n<p style= \"text-align: justify;\"><strong>* Communiqu\u00e9 journ\u00e9e EHPAD du 15 mars + Vid\u00e9o de Patrick Pelloux (19 f\u00e9vrier 2018)<\/strong><br \/>\nPOUR CONSULTER L&rsquo;ARTICLE, <strong><a href=\"http:\/\/www.cgt-hopital-manosque.fr\/?p=5655\" target=\"_blank\">CLIQUER ICI<\/a><\/strong>\n<\/p>\n<p style= \"text-align: justify;\"><strong>* Les EHPAD lancent un ultimatum \u00e0 Emmanuel Macron &#8211; Interview Alpes 1 (10 f\u00e9vrier 2018)<\/strong><br \/>\nPOUR CONSULTER L&rsquo;ARTICLE, <strong><a href=\"http:\/\/www.cgt-hopital-manosque.fr\/?p=5619\" target=\"_blank\">CLIQUER ICI<\/a><\/strong>\n<\/p>\n<p style= \"text-align: justify;\"><strong>* Dossier sp\u00e9cial EHPAD sur le journal de l&rsquo;UD CGT 04 du mois de janvier 2018 >> interview de C\u00e9dric Volait et Malika B\u00e9larbi&#8230; (5 f\u00e9vrier 2018) : <\/strong><br \/>\nPOUR CONSULTER L&rsquo;ARTICLE, <strong><a href=\"http:\/\/www.cgt-hopital-manosque.fr\/?p=5603\" target=\"_blank\">CLIQUER ICI<\/a><\/strong>\n<\/p>\n<p style= \"text-align: justify;\"><strong>* DICI TV &#8211; T\u00e9moignages de salari\u00e9es des EHPAD du d\u00e9partement &#8211; Rassemblement du 30 janvier 2018 \u00e0 Digne les Bains (4 f\u00e9vrier 2018) : <\/strong><br \/>\nPOUR CONSULTER L&rsquo;ARTICLE, <strong><a href=\"http:\/\/www.cgt-hopital-manosque.fr\/?p=5595\" target=\"_blank\">CLIQUER ICI<\/a><\/strong>\n<\/p>\n<p style= \"text-align: justify;\"><strong>* Rassemblement pour les EHPAD \u00e0 Digne : une journ\u00e9e r\u00e9ussie qui en appelle d&rsquo;autres (31 janvier 2018) : <\/strong><br \/>\nPOUR CONSULTER L&rsquo;ARTICLE, <strong><a href=\"http:\/\/www.cgt-hopital-manosque.fr\/?p=5568\" target=\"_blank\">CLIQUER ICI<\/a><\/strong>\n<\/p>\n<p style= \"text-align: justify;\"><strong>* Gr\u00e8ve des EHPAD pour plus de moyens (28 janvier 2018) : <\/strong><br \/>\nPOUR CONSULTER L&rsquo;ARTICLE, <strong><a href=\"http:\/\/www.cgt-hopital-manosque.fr\/?p=5552\" target=\"_blank\">CLIQUER ICI<\/a><\/strong>\n<\/p>\n<p style= \"text-align: justify;\"><strong>* Dossier sp\u00e9cial EHPAD &#8211; Paru dans le journal \u00ab\u00a0La Marseillaise\u00a0\u00bb du jour (20 janvier 2018) : <\/strong><br \/>\nPOUR CONSULTER L&rsquo;ARTICLE, <strong><a href=\"http:\/\/www.cgt-hopital-manosque.fr\/?p=5518\" target=\"_blank\">CLIQUER ICI<\/a><\/strong>\n<\/p>\n<p style= \"text-align: justify;\"><strong>* Suicide d&rsquo;une salari\u00e9e de 43 ans dans un EHPAD &#8211; Interview de Christophe Prudhomme, m\u00e9decin urgentiste (16 janvier 2018) : <\/strong><br \/>\nPOUR CONSULTER L&rsquo;ARTICLE, <strong><a href=\"http:\/\/www.cgt-hopital-manosque.fr\/?p=5501\" target=\"_blank\">CLIQUER ICI<\/a><\/strong>\n<\/p>\n<p style= \"text-align: justify;\"><strong>* On l\u00e2che rien : Version EHPAD (13 janvier 2018) : <\/strong><br \/>\nPOUR CONSULTER L&rsquo;ARTICLE, <strong><a href=\"http:\/\/www.cgt-hopital-manosque.fr\/?p=5482\" target=\"_blank\">CLIQUER ICI<\/a><\/strong>\n<\/p>\n<p style= \"text-align: justify;\"><strong>* Tract Plus de moyens pour les EHPAD &#8211; Rassemblement du 30 janvier (12 janvier 2018) : <\/strong><br \/>\nPOUR CONSULTER L&rsquo;ARTICLE, <strong><a href=\"http:\/\/www.cgt-hopital-manosque.fr\/?p=5478\" target=\"_blank\">CLIQUER ICI<\/a><\/strong>\n<\/p>\n<p style= \"text-align: justify;\"><strong>* Journ\u00e9e de mobilisation des EHPAD priv\u00e9s et publics du 30 janvier 2018 (3 janvier 2018) : <\/strong><br \/>\nPOUR CONSULTER L&rsquo;ARTICLE, <strong><a href=\"http:\/\/www.cgt-hopital-manosque.fr\/?p=5423\" target=\"_blank\">CLIQUER ICI<\/a><\/strong>\n<\/p>\n<p style= \"text-align: justify;\"><strong>* Conf\u00e9rence sur les EHPAD CGT Sant\u00e9 et Action  Sociale PACA du 6 novembre \u00e0 Marseille &#8211; Photos et articles de presse (13 novembre 2017) : <\/strong><br \/>\nPOUR CONSULTER L&rsquo;ARTICLE, <strong><a href=\"http:\/\/www.cgt-hopital-manosque.fr\/?p=5354\" target=\"_blank\">CLIQUER ICI<\/a><\/strong>\n<\/p>\n<p style= \"text-align: justify;\"><strong>* 21 octobre 2017 &#8211; Conf\u00e9rence r\u00e9gionale sur les EHPAD le 6 novembre 2017 \u00e0 Marseille &#8211; CGT Sant\u00e9 et Action Sociale PACA (21 octobre 2017) : <\/strong><br \/>\nPOUR CONSULTER L&rsquo;ARTICLE, <strong><a href=\"http:\/\/www.cgt-hopital-manosque.fr\/?p=5316\" target=\"_blank\">CLIQUER ICI<\/a><\/strong>\n<\/p>\n<p style= \"text-align: justify;\"><strong>* EHPAD \/ Maisons de retraite en souffrance &#8211; reportage du JT de France 2<br \/>\n(20 octobre 2017) : <\/strong><br \/>\nPOUR CONSULTER L&rsquo;ARTICLE, <strong><a href=\"http:\/\/www.cgt-hopital-manosque.fr\/?p=5312\" target=\"_blank\">CLIQUER ICI<\/a><\/strong>\n<\/p>\n<p style= \"text-align: justify;\"><strong>* Communiqu\u00e9 &#8211; Urgence : situation des EHPAD (6 octobre 2017) : <\/strong><br \/>\nPOUR CONSULTER L&rsquo;ARTICLE, <strong><a href=\"http:\/\/www.cgt-hopital-manosque.fr\/?p=5272\" target=\"_blank\">CLIQUER ICI<\/a><\/strong>\n<\/p>\n<p style= \"text-align: justify;\"><strong>* Pour voir le journal de l&rsquo;UD CGT 04 du mois de septembre avec deux pages sur l&rsquo;actualit\u00e9 des EHPAD du d\u00e9partement (3 octobre 2017) : <\/strong> <strong><a href=\"http:\/\/www.cgt-hopital-manosque.fr\/?p=5264\" target=\"_blank\">CLIQUER ICI<\/a><\/strong>\n<\/p>\n<p style= \"text-align: justify;\"><strong>* Communiqu\u00e9 USD CGT Sant\u00e9 et Action Sociale 04 &#8211; EHPAD &#8211; EPS &#8211; Maisons de retraite (12 septembre 2017) : <\/strong><br \/>\nPOUR CONSULTER L&rsquo;ARTICLE, <strong><a href=\"http:\/\/www.cgt-hopital-manosque.fr\/?p=5242\" target=\"_blank\">CLIQUER ICI<\/a><\/strong>\n<\/p>\n<p style= \"text-align: justify;\"><strong>* Lettre ouverte de l&rsquo;USD CGT 04 sur la situation des EHPAD et EPS du d\u00e9partement des Alpes de Haute Provence (8 septembre 2017) : <\/strong><br \/>\nPOUR CONSULTER L&rsquo;ARTICLE, <strong><a href=\"http:\/\/www.cgt-hopital-manosque.fr\/?p=5224\" target=\"_blank\">CLIQUER ICI<\/a><\/strong>\n<\/p>\n<p style= \"text-align: justify;\"><strong>* Actu EHPAD et EPS 04 &#8211; Article de \u00ab\u00a0La Marseillaise\u00a0\u00bb sur le mouvement de gr\u00e8ve du 28 ao\u00fbt \u00e0 Seyne les Alpes (7 septembre 2017) : <\/strong><br \/>\nPOUR CONSULTER L&rsquo;ARTICLE, <strong><a href=\"http:\/\/www.cgt-hopital-manosque.fr\/?p=5201\" target=\"_blank\">CLIQUER ICI<\/a><\/strong>\n<\/p>\n<p style= \"text-align: justify;\"><strong>* Actu EHPAD et EPS 04 &#8211; Article de \u00ab\u00a0La Provence\u00a0\u00bb sur le mouvement de gr\u00e8ve du 28 ao\u00fbt \u00e0 Seyne les Alpes (6 septembre 2017) : <\/strong><br \/>\nPOUR CONSULTER L&rsquo;ARTICLE, <strong><a href=\"http:\/\/www.cgt-hopital-manosque.fr\/?p=5200\" target=\"_blank\">CLIQUER ICI<\/a><\/strong>\n<\/p>\n<p style= \"text-align: justify;\"><strong>* Gr\u00e8ve \u00e0 l&rsquo;h\u00f4pital d&rsquo;Entrevaux : L&rsquo;article de La Marseillaise (15 ao\u00fbt 2017) : <\/strong><br \/>\nPOUR CONSULTER L&rsquo;ARTICLE, <strong><a href=\"http:\/\/www.cgt-hopital-manosque.fr\/?p=5175\" target=\"_blank\">CLIQUER ICI<\/a><\/strong>\n<\/p>\n<p style= \"text-align: justify;\"><strong>* Gr\u00e8ve \u00e0 l&rsquo;h\u00f4pital d&rsquo;Entrevaux &#8211; L&rsquo;article de Nice Matin (4 ao\u00fbt 2017) : <\/strong><br \/>\nPOUR CONSULTER L&rsquo;ARTICLE, <strong><a href=\"http:\/\/www.cgt-hopital-manosque.fr\/?p=5170\" target=\"_blank\">CLIQUER ICI<\/a><\/strong>\n<\/p>\n<p style= \"text-align: justify;\"><strong>* Gr\u00e8ve \u00e0 l&rsquo;h\u00f4pital d&rsquo;Entrevaux : L&rsquo;interview radio sur Alpes 1 (4 ao\u00fbt 2017) : <\/strong><br \/>\nPOUR CONSULTER L&rsquo;ARTICLE, <strong><a href=\"http:\/\/www.cgt-hopital-manosque.fr\/?p=5161\" target=\"_blank\">CLIQUER ICI<\/a><\/strong>\n<\/p>\n<p style= \"text-align: justify;\"><strong>* Gr\u00e8ve \u00e0 l&rsquo;h\u00f4pital d&rsquo;Entrevaux : Communiqu\u00e9 du syndicat CGT (3 ao\u00fbt 2017) : <\/strong><br \/>\nPOUR CONSULTER L&rsquo;ARTICLE, <strong><a href=\"http:\/\/www.cgt-hopital-manosque.fr\/?p=5162\" target=\"_blank\">CLIQUER ICI<\/a><\/strong>\n<\/p>\n<p style= \"text-align: justify;\"><strong>* Gr\u00e8ve \u00e0 l&rsquo;h\u00f4pital de Seyne les Alpes : L&rsquo;article de la Marseillaise (1er ao\u00fbt 2017) : <\/strong><br \/>\nPOUR CONSULTER L&rsquo;ARTICLE, <strong><a href=\"http:\/\/www.cgt-hopital-manosque.fr\/?p=5156\" target=\"_blank\">CLIQUER ICI<\/a><\/strong>\n<\/p>\n<p style= \"text-align: justify;\"><strong>* Gr\u00e8ve \u00e0 l&rsquo;h\u00f4pital d&rsquo;Entrevaux : le tract pour annoncer la journ\u00e9e d&rsquo;action du 3 ao\u00fbt (1er ao\u00fbt 2017) : <\/strong><br \/>\nPOUR CONSULTER L&rsquo;ARTICLE, <strong><a href=\"http:\/\/www.cgt-hopital-manosque.fr\/?p=5146\" target=\"_blank\">CLIQUER ICI<\/a><\/strong>\n<\/p>\n<p style= \"text-align: justify;\"><strong>* Gr\u00e8ve \u00e0 l&rsquo;h\u00f4pital de Seyne les Alpes : les articles de La Provence (31 juillet 2017) : <\/strong><br \/>\nPOUR CONSULTER L&rsquo;ARTICLE, <strong><a href=\"http:\/\/www.cgt-hopital-manosque.fr\/?p=5135\" target=\"_blank\">CLIQUER ICI<\/a><\/strong>\n<\/p>\n<p style= \"text-align: justify;\"><strong>* Gr\u00e8ve \u00e0 l&rsquo;h\u00f4pital de Seyne les Alpes : l&rsquo;article du Dauphin\u00e9 Lib\u00e9r\u00e9 (31 juillet 2017) : <\/strong><br \/>\nPOUR CONSULTER L&rsquo;ARTICLE, <strong><a href=\"http:\/\/www.cgt-hopital-manosque.fr\/?p=5131\" target=\"_blank\">CLIQUER ICI<\/a><\/strong>\n<\/p>\n<p style= \"text-align: justify;\"><strong>* Gr\u00e8ve \u00e0 l&rsquo;h\u00f4pital de Seyne les Alpes &#8211; voir l&rsquo;interview vid\u00e9o de DICI TV (30 juillet 2017) : <\/strong><br \/>\nPOUR CONSULTER L&rsquo;ARTICLE, <strong><a href=\"http:\/\/www.cgt-hopital-manosque.fr\/?p=5125\" target=\"_blank\">CLIQUER ICI<\/a><\/strong>\n<\/p>\n<p style= \"text-align: justify;\"><strong>* Gr\u00e8ve \u00e0 l&rsquo;h\u00f4pital de Seyne les Alpes &#8211; le tract des personnels et de la CGT (29 juillet 2017) : <\/strong><br \/>\nPOUR CONSULTER L&rsquo;ARTICLE, <strong><a href=\"http:\/\/www.cgt-hopital-manosque.fr\/?p=5122\" target=\"_blank\">CLIQUER ICI<\/a><\/strong><\/p>\n","protected":false},"excerpt":{"rendered":"<p>DOSSIER EHPAD et EPS : * Mobilisation des EHPAD du 15 mars \u00e0 Digne (16 mars 2018) POUR CONSULTER L&rsquo;ARTICLE, CLIQUER ICI * C&rsquo;est comme \u00e7a (Dans les EHPAD) &#8211; La chanson de Fr\u00e9d\u00e9ric Fromet (27 f\u00e9vrier 2018) POUR CONSULTER L&rsquo;ARTICLE, CLIQUER ICI * Tract \/ Livret sur le mobilisation des EHPAD du 15 mars [&hellip;]<\/p>\n","protected":false},"author":1,"featured_media":0,"parent":210,"menu_order":0,"comment_status":"closed","ping_status":"closed","template":"","meta":{"footnotes":""},"_links":{"self":[{"href":"http:\/\/www.cgt-hopital-manosque.fr\/index.php?rest_route=\/wp\/v2\/pages\/5208"}],"collection":[{"href":"http:\/\/www.cgt-hopital-manosque.fr\/index.php?rest_route=\/wp\/v2\/pages"}],"about":[{"href":"http:\/\/www.cgt-hopital-manosque.fr\/index.php?rest_route=\/wp\/v2\/types\/page"}],"author":[{"embeddable":true,"href":"http:\/\/www.cgt-hopital-manosque.fr\/index.php?rest_route=\/wp\/v2\/users\/1"}],"replies":[{"embeddable":true,"href":"http:\/\/www.cgt-hopital-manosque.fr\/index.php?rest_route=%2Fwp%2Fv2%2Fcomments&post=5208"}],"version-history":[{"count":41,"href":"http:\/\/www.cgt-hopital-manosque.fr\/index.php?rest_route=\/wp\/v2\/pages\/5208\/revisions"}],"predecessor-version":[{"id":5772,"href":"http:\/\/www.cgt-hopital-manosque.fr\/index.php?rest_route=\/wp\/v2\/pages\/5208\/revisions\/5772"}],"up":[{"embeddable":true,"href":"http:\/\/www.cgt-hopital-manosque.fr\/index.php?rest_route=\/wp\/v2\/pages\/210"}],"wp:attachment":[{"href":"http:\/\/www.cgt-hopital-manosque.fr\/index.php?rest_route=%2Fwp%2Fv2%2Fmedia&parent=5208"}],"curies":[{"name":"wp","href":"https:\/\/api.w.org\/{rel}","templated":true}]}}